{"version":"1.0","provider_name":"Parafia pw. NMP Kr\u00f3lowej Polski w Ustrzykach Dolnych","provider_url":"https:\/\/parafiaustrzyki.pl","author_name":"admin","author_url":"https:\/\/parafiaustrzyki.pl\/index.php\/author\/admin-2\/","title":"OP\u0141ATEK KRESOWY W NASZEJ PARAFII - Parafia pw. NMP Kr\u00f3lowej Polski w Ustrzykach Dolnych","type":"rich","width":600,"height":338,"html":"<blockquote class=\"wp-embedded-content\" data-secret=\"782hnwUjS5\"><a href=\"https:\/\/parafiaustrzyki.pl\/index.php\/2026\/01\/29\/oplatek-kresowy-w-naszej-parafii\/\">OP\u0141ATEK KRESOWY W NASZEJ PARAFII<\/a><\/blockquote><iframe sandbox=\"allow-scripts\" security=\"restricted\" src=\"https:\/\/parafiaustrzyki.pl\/index.php\/2026\/01\/29\/oplatek-kresowy-w-naszej-parafii\/embed\/#?secret=782hnwUjS5\" width=\"600\" height=\"338\" title=\"&#8222;OP\u0141ATEK KRESOWY W NASZEJ PARAFII&#8221; &#8212; Parafia pw. NMP Kr\u00f3lowej Polski w Ustrzykach Dolnych\" data-secret=\"782hnwUjS5\" frameborder=\"0\" marginwidth=\"0\" marginheight=\"0\" scrolling=\"no\" class=\"wp-embedded-content\"><\/iframe><script type=\"text\/javascript\">\n\/* <![CDATA[ *\/\n\/*! This file is auto-generated *\/\n!function(d,l){\"use strict\";l.querySelector&&d.addEventListener&&\"undefined\"!=typeof URL&&(d.wp=d.wp||{},d.wp.receiveEmbedMessage||(d.wp.receiveEmbedMessage=function(e){var t=e.data;if((t||t.secret||t.message||t.value)&&!\/[^a-zA-Z0-9]\/.test(t.secret)){for(var s,r,n,a=l.querySelectorAll('iframe[data-secret=\"'+t.secret+'\"]'),o=l.querySelectorAll('blockquote[data-secret=\"'+t.secret+'\"]'),c=new RegExp(\"^https?:$\",\"i\"),i=0;i<o.length;i++)o[i].style.display=\"none\";for(i=0;i<a.length;i++)s=a[i],e.source===s.contentWindow&&(s.removeAttribute(\"style\"),\"height\"===t.message?(1e3<(r=parseInt(t.value,10))?r=1e3:~~r<200&&(r=200),s.height=r):\"link\"===t.message&&(r=new URL(s.getAttribute(\"src\")),n=new URL(t.value),c.test(n.protocol))&&n.host===r.host&&l.activeElement===s&&(d.top.location.href=t.value))}},d.addEventListener(\"message\",d.wp.receiveEmbedMessage,!1),l.addEventListener(\"DOMContentLoaded\",function(){for(var e,t,s=l.querySelectorAll(\"iframe.wp-embedded-content\"),r=0;r<s.length;r++)(t=(e=s[r]).getAttribute(\"data-secret\"))||(t=Math.random().toString(36).substring(2,12),e.src+=\"#?secret=\"+t,e.setAttribute(\"data-secret\",t)),e.contentWindow.postMessage({message:\"ready\",secret:t},\"*\")},!1)))}(window,document);\n\/\/# sourceURL=https:\/\/parafiaustrzyki.pl\/wp-includes\/js\/wp-embed.min.js\n\/* ]]> *\/\n<\/script>\n","thumbnail_url":"https:\/\/parafiaustrzyki.pl\/wp-content\/uploads\/Oplatek_ht_2026.png","thumbnail_width":530,"thumbnail_height":353,"description":"24 stycznia br. Kresowianie ze Stowarzyszenia HT 1951 spotkali si\u0119 na tradycyjnym \u201eOp\u0142atku kresowym\u201d. Msz\u0119 \u015awi\u0119t\u0105 koncelebrowali ks. Jacek D\u017co\u0144 \u2013 proboszcz parafii pw. NMP Kr\u00f3lowej Polski, ks. dziekan Roman Szczupak \u2013 kapelan Kresowian, oraz ks. senior Bronis\u0142aw Bucki.&nbsp;Wsp\u00f3lne kol\u0119dowanie odby\u0142o si\u0119 przy akompaniamencie zespo\u0142u z naszej parafii."}