{"version":"1.0","provider_name":"Parafia pw. NMP Kr\u00f3lowej Polski w Ustrzykach Dolnych","provider_url":"https:\/\/parafiaustrzyki.pl","author_name":"admin","author_url":"https:\/\/parafiaustrzyki.pl\/index.php\/author\/admin-2\/","title":"WSPOMNIENIE O MARIANIE NOSALU - Parafia pw. NMP Kr\u00f3lowej Polski w Ustrzykach Dolnych","type":"rich","width":600,"height":338,"html":"<blockquote class=\"wp-embedded-content\" data-secret=\"YHyyrGZLDR\"><a href=\"https:\/\/parafiaustrzyki.pl\/index.php\/2025\/11\/03\/wspomnienie-o-marianie-nosalu\/\">WSPOMNIENIE O MARIANIE NOSALU<\/a><\/blockquote><iframe sandbox=\"allow-scripts\" security=\"restricted\" src=\"https:\/\/parafiaustrzyki.pl\/index.php\/2025\/11\/03\/wspomnienie-o-marianie-nosalu\/embed\/#?secret=YHyyrGZLDR\" width=\"600\" height=\"338\" title=\"&#8222;WSPOMNIENIE O MARIANIE NOSALU&#8221; &#8212; Parafia pw. NMP Kr\u00f3lowej Polski w Ustrzykach Dolnych\" data-secret=\"YHyyrGZLDR\" frameborder=\"0\" marginwidth=\"0\" marginheight=\"0\" scrolling=\"no\" class=\"wp-embedded-content\"><\/iframe><script type=\"text\/javascript\">\n\/* <![CDATA[ *\/\n\/*! This file is auto-generated *\/\n!function(d,l){\"use strict\";l.querySelector&&d.addEventListener&&\"undefined\"!=typeof URL&&(d.wp=d.wp||{},d.wp.receiveEmbedMessage||(d.wp.receiveEmbedMessage=function(e){var t=e.data;if((t||t.secret||t.message||t.value)&&!\/[^a-zA-Z0-9]\/.test(t.secret)){for(var s,r,n,a=l.querySelectorAll('iframe[data-secret=\"'+t.secret+'\"]'),o=l.querySelectorAll('blockquote[data-secret=\"'+t.secret+'\"]'),c=new RegExp(\"^https?:$\",\"i\"),i=0;i<o.length;i++)o[i].style.display=\"none\";for(i=0;i<a.length;i++)s=a[i],e.source===s.contentWindow&&(s.removeAttribute(\"style\"),\"height\"===t.message?(1e3<(r=parseInt(t.value,10))?r=1e3:~~r<200&&(r=200),s.height=r):\"link\"===t.message&&(r=new URL(s.getAttribute(\"src\")),n=new URL(t.value),c.test(n.protocol))&&n.host===r.host&&l.activeElement===s&&(d.top.location.href=t.value))}},d.addEventListener(\"message\",d.wp.receiveEmbedMessage,!1),l.addEventListener(\"DOMContentLoaded\",function(){for(var e,t,s=l.querySelectorAll(\"iframe.wp-embedded-content\"),r=0;r<s.length;r++)(t=(e=s[r]).getAttribute(\"data-secret\"))||(t=Math.random().toString(36).substring(2,12),e.src+=\"#?secret=\"+t,e.setAttribute(\"data-secret\",t)),e.contentWindow.postMessage({message:\"ready\",secret:t},\"*\")},!1)))}(window,document);\n\/\/# sourceURL=https:\/\/parafiaustrzyki.pl\/wp-includes\/js\/wp-embed.min.js\n\/* ]]> *\/\n<\/script>\n","thumbnail_url":"https:\/\/parafiaustrzyki.pl\/wp-content\/uploads\/marian_bibkioteka.jpg","thumbnail_width":533,"thumbnail_height":353,"description":"W kolejnym cyklu \u201eJeszcze si\u0119 tam \u017cagiel bieli\u2026\u201d Powiatowa i Miejska Biblioteka Publiczna im. prof. Eugeniusza Wanieka w Ustrzykach Dolnych zaprasza na wspomnienie o Marianie Nosalu (1954-2012), in\u017cynierze, kt\u00f3ry pisa\u0142 wiersze, g\u0142\u00f3wnym wykonawc\u0105 renowacji i rozbudowy ko\u015bcio\u0142a Naj\u015bwi\u0119tszej Maryi Panny Kr\u00f3lowej Polski w Ustrzykach Dolnych. O Marianie Nosalu w rozmowie &hellip;"}